{"id":1422,"date":"2017-05-29T09:11:01","date_gmt":"2017-05-29T09:11:01","guid":{"rendered":"http:\/\/www.borest.it\/appartamenti-residence-riposo"},"modified":"2017-09-28T14:35:24","modified_gmt":"2017-09-28T14:35:24","slug":"appartements-residence-riposo","status":"publish","type":"page","link":"https:\/\/borest.it\/de\/appartements-residence-riposo\/","title":{"rendered":"Appartements"},"content":{"rendered":"<div class=\"wpb-content-wrapper\">[vc_row fullwidth=&#8220;true&#8220; parallax=&#8220;content-moving&#8220; css=&#8220;.vc_custom_1506609322591{background-image: url(http:\/\/www.borest.it\/wp-content\/uploads\/2017\/08\/dsc0639.jpg?id=1357) !important;background-position: center;background-repeat: no-repeat !important;background-size: contain !important;}&#8220;][vc_column][mk_page_title_box page_title=&#8220;Appartements&#8220; section_height=&#8220;800&#8243; bg_position=&#8220;center center&#8220; bg_stretch=&#8220;true&#8220; overlay=&#8220;rgba(2,2,2,0.32)&#8220; bg_effects=&#8220;parallaxZoomOut&#8220; font_color=&#8220;#ffffff&#8220;][\/vc_column][\/vc_row][vc_row equal_columns=&#8220;true&#8220; column_padding=&#8220;5&#8243;][vc_column width=&#8220;1\/6&#8243;][\/vc_column][vc_column width=&#8220;2\/3&#8243; css=&#8220;.vc_custom_1494920402653{padding: 7% !important;}&#8220;][mk_page_title_box page_title=&#8220;SUPERIOIR APPARTEMENTS&#8220; page_subtitle=&#8220;F\u00fcr 2, 3 bis 4 Personen&#8220; section_height=&#8220;220&#8243; bg_position=&#8220;center center&#8220; bg_stretch=&#8220;true&#8220; font_color=&#8220;#2c5022&#8243; sub_font_color=&#8220;#7bb644&#8243;][vc_column_text]Bestehend aus: einem Doppelzimmer, einem Bad mit Dusche\/F\u00f6hn, Wohnzimmer mit Kochecke\/Elektroplatten\/K\u00fchlschrank\/Absp\u00fclmaschine\/Sitzecke und Sofa, Privatbalkon mit Blick Richtung Mittagstal und Sella Gruppe.<\/p>\n[\/vc_column_text][vc_row_inner][vc_column_inner width=&#8220;1\/2&#8243;][vc_column_text]<strong>AUSBLICK\u00a0VAL METZD\u00cd UND SELLA GRUPPE<br \/>\n<\/strong><\/p>\n<ul>\n<li><strong>Appartamenti di circa <\/strong><strong>35,45mq<\/strong><strong> e <\/strong><strong>di 35,08 mq<br \/>\n<\/strong><\/li>\n<li><strong>F\u00fcr\u00a02\/3 persone<\/strong><\/li>\n<\/ul>\n[\/vc_column_text][\/vc_column_inner][vc_column_inner width=&#8220;1\/2&#8243;][vc_column_text]Alle Wohnungen sind mit Bettw\u00e4sche, Handt\u00fccher und Geschirr ausgestattet.[\/vc_column_text][\/vc_column_inner][\/vc_row_inner][vc_row_inner][vc_column_inner][mk_gallery images=&#8220;574,575,576&#8243;][\/vc_column_inner][\/vc_row_inner][vc_row_inner][vc_column_inner width=&#8220;1\/2&#8243;][vc_column_text]<strong>APPARTEMENTS SUPERIOR AUSBLICK\u00a0CORVARA \/COLFOSCO<\/strong><\/p>\n<ul>\n<li><strong>34,09m\u00b2<br \/>\n<\/strong><\/li>\n<li><strong>f\u00fcr\u00a02\/4\u00a0 Personen<\/strong><\/li>\n<\/ul>\n[\/vc_column_text][\/vc_column_inner][vc_column_inner width=&#8220;1\/2&#8243;][vc_column_text]Privater Balkon, Doppelschrankbett, Tepichboden, Geschirrsp\u00fcler, Fernseher und Safe.[\/vc_column_text][\/vc_column_inner][\/vc_row_inner][vc_row_inner][vc_column_inner][mk_gallery images=&#8220;578,577&#8243; column=&#8220;2&#8243;][\/vc_column_inner][\/vc_row_inner][vc_row_inner][vc_column_inner width=&#8220;1\/2&#8243;][vc_column_text]<strong>AUSBLICK\u00a0CORVARA \/COLFOSCO<\/strong><\/p>\n<ul>\n<li><strong>46,36m\u00b2<br \/>\n<\/strong><\/li>\n<li><strong>f\u00fcr\u00a04\/5\u00a0 Personen<\/strong><\/li>\n<\/ul>\n[\/vc_column_text][\/vc_column_inner][vc_column_inner width=&#8220;1\/2&#8243;][vc_column_text]Privater Balkon, Doppelschlafcouch, Tepichboden, Geschirrsp\u00fcler, Fernseher und Safe.[\/vc_column_text][\/vc_column_inner][\/vc_row_inner][vc_row_inner][vc_column_inner][mk_gallery images=&#8220;586,587,588&#8243;][\/vc_column_inner][\/vc_row_inner][vc_row_inner][vc_column_inner width=&#8220;1\/2&#8243;][mk_button dimension=&#8220;outline&#8220; size=&#8220;large&#8220; url=&#8220;..\/de\/sommerpreisliste&#8220; align=&#8220;center&#8220; margin_top=&#8220;10&#8243; outline_skin=&#8220;custom&#8220; outline_active_text_color=&#8220;#2c5022&#8243; outline_hover_bg_color=&#8220;#2c5022&#8243; outline_hover_color=&#8220;#ffffff&#8220;]Sommer Preisliste[\/mk_button][\/vc_column_inner][vc_column_inner width=&#8220;1\/2&#8243;][mk_button dimension=&#8220;outline&#8220; size=&#8220;large&#8220; url=&#8220;..\/de\/winterpreisliste&#8220; align=&#8220;center&#8220; margin_top=&#8220;10&#8243; outline_skin=&#8220;custom&#8220; outline_active_text_color=&#8220;#2c5022&#8243; outline_hover_bg_color=&#8220;#2c5022&#8243; outline_hover_color=&#8220;#ffffff&#8220;]Winter Preisliste[\/mk_button][\/vc_column_inner][\/vc_row_inner][\/vc_column][vc_column width=&#8220;1\/6&#8243;][\/vc_column][\/vc_row][vc_row fullwidth=&#8220;true&#8220; fullwidth_content=&#8220;false&#8220; equal_columns=&#8220;true&#8220; column_padding=&#8220;5&#8243; css=&#8220;.vc_custom_1496050471619{background-color: #f1f1f1 !important;}&#8220;][vc_column width=&#8220;1\/6&#8243;][\/vc_column][vc_column width=&#8220;2\/3&#8243; css=&#8220;.vc_custom_1494920402653{padding: 7% !important;}&#8220;][mk_page_title_box page_title=&#8220;APPARTEMENTS COMFORT&#8220; page_subtitle=&#8220;Unterschiedliche Gr\u00f6\u00dfe, f\u00fcr 2, 3 Personen.&#8220; section_height=&#8220;220&#8243; bg_position=&#8220;center center&#8220; bg_stretch=&#8220;true&#8220; font_color=&#8220;#2c5022&#8243; sub_font_color=&#8220;#7bb644&#8243;][vc_column_text]Bestehend aus: einem Doppelzimmer\/Ehebett, Wohnzimmer mit Kochnische\/Elektroherd\/K\u00fchlschrank\/Geschirrsp\u00fcler, Badezimmer mit Dusche, Safe und Fernseher. Einige Wohnungen verf\u00fcgen ausserdem auch \u00fcber Schlafcouch oder Schrankbett, F\u00f6hn, privatem Balkon und Radio.[\/vc_column_text][vc_row_inner][vc_column_inner width=&#8220;1\/2&#8243;][vc_column_text]<strong>AUSBLICK\u00a0CIR<\/strong><\/p>\n<ul>\n<li><strong>25,53 \u2013 37,53m\u00b2<br \/>\n<\/strong><\/li>\n<li><strong>f\u00fcr\u00a02\/3 Personen<\/strong><\/li>\n<\/ul>\n[\/vc_column_text][\/vc_column_inner][vc_column_inner width=&#8220;1\/2&#8243;][vc_column_text]Mit oder ohne privatem Balkon, Einzelschrankbett, Holzboden, Geschirrsp\u00fcler, F\u00f6hn, Radio, Fernseher und Safe.[\/vc_column_text][\/vc_column_inner][\/vc_row_inner][vc_row_inner][vc_column_inner][mk_gallery images=&#8220;583,584,585&#8243;][\/vc_column_inner][\/vc_row_inner][vc_row_inner][vc_column_inner width=&#8220;1\/2&#8243;][mk_button dimension=&#8220;outline&#8220; size=&#8220;large&#8220; url=&#8220;..\/de\/sommerpreisliste&#8220; align=&#8220;center&#8220; margin_top=&#8220;10&#8243; outline_skin=&#8220;custom&#8220; outline_active_text_color=&#8220;#2c5022&#8243; outline_hover_bg_color=&#8220;#2c5022&#8243; outline_hover_color=&#8220;#ffffff&#8220;]Sommer Preisliste[\/mk_button][\/vc_column_inner][vc_column_inner width=&#8220;1\/2&#8243;][mk_button dimension=&#8220;outline&#8220; size=&#8220;large&#8220; url=&#8220;..\/de\/winterpreisliste&#8220; align=&#8220;center&#8220; margin_top=&#8220;10&#8243; outline_skin=&#8220;custom&#8220; outline_active_text_color=&#8220;#2c5022&#8243; outline_hover_bg_color=&#8220;#2c5022&#8243; outline_hover_color=&#8220;#ffffff&#8220;]Winter Preisliste[\/mk_button][\/vc_column_inner][\/vc_row_inner][\/vc_column][vc_column width=&#8220;1\/6&#8243;][\/vc_column][\/vc_row][vc_row fullwidth=&#8220;true&#8220; fullwidth_content=&#8220;false&#8220; equal_columns=&#8220;true&#8220; column_padding=&#8220;5&#8243;][vc_column width=&#8220;1\/6&#8243;][\/vc_column][vc_column width=&#8220;2\/3&#8243; css=&#8220;.vc_custom_1494920402653{padding: 7% !important;}&#8220;][mk_page_title_box page_title=&#8220;APPARTEMENTS STANDARD&#8220; page_subtitle=&#8220;Unterschiedliche Gr\u00f6\u00dfe, f\u00fcr 2, 3, 4 und 5 Personen.&#8220; section_height=&#8220;220&#8243; bg_position=&#8220;center center&#8220; bg_stretch=&#8220;true&#8220; font_color=&#8220;#2c5022&#8243; sub_font_color=&#8220;#7bb644&#8243;][vc_column_text]Bestehend aus: Dommelzimmer\/Ehebett, kleiner Kochecke mit Elektroherd\/K\u00fchlschrank, Badezimmer mit Badewanne, Balkon, Radio und TV. Einige Ferienwohnungen verf\u00fcgen ausserdem \u00fcber Bettcouch oder drittes Bett.<br \/>\nDie Appartements f\u00fcr: 1 oder 2 Personen (21,50 m\u00b2) bestehen aus: einem Einzelzimmer mit Einzelbettcouch oder drittem Bett (kein Ehebett), kleine Kochecke mit Elektroherd\/K\u00fchlschrank, Badezimmer mit Dusche, Balkon, Radio und Fernseher.[\/vc_column_text][vc_row_inner][vc_column_inner width=&#8220;1\/2&#8243;][vc_column_text]<strong>AUSBLICK\u00a0CORVARA \/COLFOSCO<\/strong><\/p>\n<ul>\n<li><strong>ca. 20 &#8211; 25 m\u00b2<br \/>\n<\/strong><\/li>\n<li><strong>f\u00fcr\u00a01\u00a0 Person<\/strong><\/li>\n<\/ul>\n[\/vc_column_text][\/vc_column_inner][vc_column_inner width=&#8220;1\/2&#8243;][vc_column_text]Balkon, Couch, Teppichboden, Radio und Fernseher.[\/vc_column_text][\/vc_column_inner][\/vc_row_inner][vc_row_inner][vc_column_inner][mk_gallery images=&#8220;592,593&#8243; column=&#8220;2&#8243;][\/vc_column_inner][\/vc_row_inner][vc_row_inner][vc_column_inner width=&#8220;1\/2&#8243;][vc_column_text]<strong>AUSBLICK\u00a0CORVARA \/COLFOSCO<\/strong><\/p>\n<ul>\n<li><strong>ca. 29,14 m\u00b2<br \/>\n<\/strong><\/li>\n<li><strong>f\u00fcr\u00a02\/3\u00a0 Personen<\/strong><\/li>\n<\/ul>\n[\/vc_column_text][\/vc_column_inner][vc_column_inner width=&#8220;1\/2&#8243;][vc_column_text]Balkon, teils mit Einzelbettcouch oder drittes Bett. Teppichboden, Radio und Fernseher.[\/vc_column_text][\/vc_column_inner][\/vc_row_inner][vc_row_inner][vc_column_inner][mk_gallery images=&#8220;594,595&#8243; column=&#8220;2&#8243;][\/vc_column_inner][\/vc_row_inner][vc_row_inner][vc_column_inner width=&#8220;1\/2&#8243;][vc_column_text]<strong>AUSBLICK CORVARA \/COLFOSCO<\/strong><\/p>\n<ul>\n<li><strong>ca. 38,14 m\u00b2<br \/>\n<\/strong><\/li>\n<li><strong>per 4\/5\u00a0 persone<\/strong><\/li>\n<\/ul>\n[\/vc_column_text][\/vc_column_inner][vc_column_inner width=&#8220;1\/2&#8243;][vc_column_text]Privater Balkon, Einzelbettcouch sowie drittes Bett. Teppichboden, Radio und Fernseher.[\/vc_column_text][\/vc_column_inner][\/vc_row_inner][vc_row_inner][vc_column_inner][mk_gallery images=&#8220;596,597,598&#8243;][\/vc_column_inner][\/vc_row_inner][vc_row_inner][vc_column_inner width=&#8220;1\/2&#8243;][mk_button dimension=&#8220;outline&#8220; size=&#8220;large&#8220; url=&#8220;..\/de\/sommerpreisliste&#8220; align=&#8220;center&#8220; margin_top=&#8220;10&#8243; outline_skin=&#8220;custom&#8220; outline_active_text_color=&#8220;#2c5022&#8243; outline_hover_bg_color=&#8220;#2c5022&#8243; outline_hover_color=&#8220;#ffffff&#8220;]Sommer Preisliste[\/mk_button][\/vc_column_inner][vc_column_inner width=&#8220;1\/2&#8243;][mk_button dimension=&#8220;outline&#8220; size=&#8220;large&#8220; url=&#8220;..\/de\/winterpreisliste&#8220; align=&#8220;center&#8220; margin_top=&#8220;10&#8243; outline_skin=&#8220;custom&#8220; outline_active_text_color=&#8220;#2c5022&#8243; outline_hover_bg_color=&#8220;#2c5022&#8243; outline_hover_color=&#8220;#ffffff&#8220;]Winter Preisliste[\/mk_button][\/vc_column_inner][\/vc_row_inner][\/vc_column][vc_column width=&#8220;1\/6&#8243;][\/vc_column][\/vc_row][vc_row fullwidth=&#8220;true&#8220; fullwidth_content=&#8220;false&#8220; equal_columns=&#8220;true&#8220; column_padding=&#8220;5&#8243; css=&#8220;.vc_custom_1496051356553{background-color: #f1f1f1 !important;}&#8220;][vc_column width=&#8220;1\/6&#8243;][\/vc_column][vc_column width=&#8220;2\/3&#8243; css=&#8220;.vc_custom_1494920402653{padding: 7% !important;}&#8220;][mk_page_title_box page_title=&#8220;APPARTEMENT &#8222;Metzd\u00ec&#8222; &#8220; page_subtitle=&#8220;Ca. 70m\u00b2 gro\u00df f\u00fcr 4 Personen. &#8220; section_height=&#8220;220&#8243; bg_position=&#8220;center center&#8220; bg_stretch=&#8220;true&#8220; font_color=&#8220;#2c5022&#8243; sub_font_color=&#8220;#7bb644&#8243;][vc_column_text]Bestehend aus: 2 Doppelzimmer, 2 Badezimmer &#8211;\u00a0 eines davon mit Dusche und das andere mit Badewanne, Wohnraum mit\u00a0Kochecke\u00a0 Elektroherd\/K\u00fchlschrank\/Absp\u00fclmaschine,\u00a0gro\u00dfer Privatbalkon mit Panoramablick zum Mittagstal und der Sella Gruppe,\u00a0Radio und 2 Fernseher.<\/p>\n<p>Mit Bettw\u00e4sche, Handt\u00fccher und Geschirr ausgestattet.[\/vc_column_text][vc_row_inner][vc_column_inner width=&#8220;1\/2&#8243;][vc_column_text]<strong>AUSBLICK\u00a0VAL METZD\u00cd UND SELLA GRUPPE<\/strong><\/p>\n<ul>\n<li><strong>ca. 70 m\u00b2<br \/>\n<\/strong><\/li>\n<li><strong>f\u00fcr\u00a04\u00a0 Personen<\/strong><\/li>\n<\/ul>\n[\/vc_column_text][\/vc_column_inner][vc_column_inner width=&#8220;1\/2&#8243;][vc_column_text]Gro\u00dfer Privatbalkon, Teppichboden in den Doppelzimmern, Radio und 2 Fernseher.[\/vc_column_text][\/vc_column_inner][\/vc_row_inner][vc_row_inner][vc_column_inner][mk_gallery images=&#8220;1134,1131,1128,1125,1122,1119&#8243;][\/vc_column_inner][\/vc_row_inner][vc_row_inner][vc_column_inner width=&#8220;1\/2&#8243;][mk_button dimension=&#8220;outline&#8220; size=&#8220;large&#8220; url=&#8220;..\/de\/sommerpreisliste&#8220; align=&#8220;center&#8220; margin_top=&#8220;10&#8243; outline_skin=&#8220;custom&#8220; outline_active_text_color=&#8220;#2c5022&#8243; outline_hover_bg_color=&#8220;#2c5022&#8243; outline_hover_color=&#8220;#ffffff&#8220;]Sommer Preisliste[\/mk_button][\/vc_column_inner][vc_column_inner width=&#8220;1\/2&#8243;][mk_button dimension=&#8220;outline&#8220; size=&#8220;large&#8220; url=&#8220;..\/de\/winterpreisliste&#8220; align=&#8220;center&#8220; margin_top=&#8220;10&#8243; outline_skin=&#8220;custom&#8220; outline_active_text_color=&#8220;#2c5022&#8243; outline_hover_bg_color=&#8220;#2c5022&#8243; outline_hover_color=&#8220;#ffffff&#8220;]Winter Preisliste[\/mk_button][\/vc_column_inner][\/vc_row_inner][\/vc_column][vc_column width=&#8220;1\/6&#8243;][\/vc_column][\/vc_row][vc_row fullwidth=&#8220;true&#8220; fullwidth_content=&#8220;false&#8220; equal_columns=&#8220;true&#8220; column_padding=&#8220;5&#8243; css=&#8220;.vc_custom_1496051356553{background-color: #f1f1f1 !important;}&#8220;][vc_column width=&#8220;1\/6&#8243;][\/vc_column][vc_column width=&#8220;2\/3&#8243; css=&#8220;.vc_custom_1494920402653{padding: 7% !important;}&#8220;][mk_page_title_box page_title=&#8220;ZIMMER &#8211; STANDARD&#8220; page_subtitle=&#8220;auf Anfrage&#8220; section_height=&#8220;220&#8243; bg_position=&#8220;center center&#8220; bg_stretch=&#8220;true&#8220; font_color=&#8220;#2c5022&#8243; sub_font_color=&#8220;#7bb644&#8243;][vc_column_text][\/vc_column_text][vc_row_inner][vc_column_inner width=&#8220;1\/2&#8243;][vc_column_text]<strong>Einzelzimmer\u00a0(ca. 18m\u00b2)<\/strong><br \/>\nF\u00fcr 1 Person:<br \/>\nBadezimmer mit Badewanne und Fernseher, ohne Balkon[\/vc_column_text][\/vc_column_inner][vc_column_inner width=&#8220;1\/2&#8243;][vc_column_text]<strong>Doppelzimmer (ca. 20m\u00b2)<\/strong><br \/>\nf\u00fcr 2 Personen:<br \/>\nBadezimmer mit Dusche, Radio, Fernseher\u00a0und Balkon.[\/vc_column_text][\/vc_column_inner][\/vc_row_inner][vc_row_inner][vc_column_inner][mk_gallery images=&#8220;606&#8243; column=&#8220;1&#8243;][\/vc_column_inner][\/vc_row_inner][vc_row_inner][vc_column_inner width=&#8220;1\/2&#8243;][mk_button dimension=&#8220;outline&#8220; size=&#8220;large&#8220; url=&#8220;..\/de\/sommerpreisliste&#8220; align=&#8220;center&#8220; margin_top=&#8220;10&#8243; outline_skin=&#8220;custom&#8220; outline_active_text_color=&#8220;#2c5022&#8243; outline_hover_bg_color=&#8220;#2c5022&#8243; outline_hover_color=&#8220;#ffffff&#8220;]Sommer Preisliste[\/mk_button][\/vc_column_inner][vc_column_inner width=&#8220;1\/2&#8243;][mk_button dimension=&#8220;outline&#8220; size=&#8220;large&#8220; url=&#8220;..\/de\/winterpreisliste&#8220; align=&#8220;center&#8220; margin_top=&#8220;10&#8243; outline_skin=&#8220;custom&#8220; outline_active_text_color=&#8220;#2c5022&#8243; outline_hover_bg_color=&#8220;#2c5022&#8243; outline_hover_color=&#8220;#ffffff&#8220;]Winter Preisliste[\/mk_button][\/vc_column_inner][\/vc_row_inner][\/vc_column][vc_column width=&#8220;1\/6&#8243;][\/vc_column][\/vc_row]\n<\/div>","protected":false},"excerpt":{"rendered":"<p>[vc_row fullwidth=&#8220;true&#8220; parallax=&#8220;content-moving&#8220; css=&#8220;.vc_custom_1506609322591{background-image: url(http:\/\/www.borest.it\/wp-content\/uploads\/2017\/08\/dsc0639.jpg?id=1357) !important;background-position: center;background-repeat: no-repeat !important;background-size: contain !important;}&#8220;][vc_column][mk_page_title_box page_title=&#8220;Appartements&#8220; section_height=&#8220;800&#8243; bg_position=&#8220;center center&#8220; bg_stretch=&#8220;true&#8220; overlay=&#8220;rgba(2,2,2,0.32)&#8220; bg_effects=&#8220;parallaxZoomOut&#8220; font_color=&#8220;#ffffff&#8220;][\/vc_column][\/vc_row][vc_row equal_columns=&#8220;true&#8220; column_padding=&#8220;5&#8243;][vc_column width=&#8220;1\/6&#8243;][\/vc_column][vc_column width=&#8220;2\/3&#8243; css=&#8220;.vc_custom_1494920402653{padding: 7% !important;}&#8220;][mk_page_title_box page_title=&#8220;SUPERIOIR APPARTEMENTS&#8220; page_subtitle=&#8220;F\u00fcr 2, 3 bis 4 Personen&#8220; section_height=&#8220;220&#8243; bg_position=&#8220;center center&#8220; bg_stretch=&#8220;true&#8220; font_color=&#8220;#2c5022&#8243; sub_font_color=&#8220;#7bb644&#8243;][vc_column_text]Bestehend aus: einem Doppelzimmer, einem Bad mit Dusche\/F\u00f6hn, Wohnzimmer mit Kochecke\/Elektroplatten\/K\u00fchlschrank\/Absp\u00fclmaschine\/Sitzecke und Sofa, Privatbalkon mit Blick [&hellip;]<\/p>\n","protected":false},"author":1,"featured_media":0,"parent":0,"menu_order":0,"comment_status":"closed","ping_status":"closed","template":"","meta":{"footnotes":""},"class_list":["post-1422","page","type-page","status-publish","hentry"],"_links":{"self":[{"href":"https:\/\/borest.it\/de\/wp-json\/wp\/v2\/pages\/1422","targetHints":{"allow":["GET"]}}],"collection":[{"href":"https:\/\/borest.it\/de\/wp-json\/wp\/v2\/pages"}],"about":[{"href":"https:\/\/borest.it\/de\/wp-json\/wp\/v2\/types\/page"}],"author":[{"embeddable":true,"href":"https:\/\/borest.it\/de\/wp-json\/wp\/v2\/users\/1"}],"replies":[{"embeddable":true,"href":"https:\/\/borest.it\/de\/wp-json\/wp\/v2\/comments?post=1422"}],"version-history":[{"count":2,"href":"https:\/\/borest.it\/de\/wp-json\/wp\/v2\/pages\/1422\/revisions"}],"predecessor-version":[{"id":1815,"href":"https:\/\/borest.it\/de\/wp-json\/wp\/v2\/pages\/1422\/revisions\/1815"}],"wp:attachment":[{"href":"https:\/\/borest.it\/de\/wp-json\/wp\/v2\/media?parent=1422"}],"curies":[{"name":"wp","href":"https:\/\/api.w.org\/{rel}","templated":true}]}}